{"id":14021,"date":"2025-07-17T17:49:42","date_gmt":"2025-07-17T22:49:42","guid":{"rendered":"https:\/\/itp.edu.co\/ITP2022\/?page_id=14021"},"modified":"2026-03-13T09:58:12","modified_gmt":"2026-03-13T14:58:12","slug":"especializacion-en-gerencia-del-talento-humano","status":"publish","type":"page","link":"https:\/\/itp.edu.co\/ITP2022\/?page_id=14021","title":{"rendered":"Especializaci\u00f3n en Gerencia del Talento Humano"},"content":{"rendered":"\t\t<div data-elementor-type=\"wp-page\" data-elementor-id=\"14021\" class=\"elementor elementor-14021\">\n\t\t\t\t<div class=\"elementor-element elementor-element-c792108 e-flex e-con-boxed wpr-particle-no wpr-jarallax-no wpr-parallax-no wpr-sticky-section-no wpr-equal-height-no e-con e-parent\" data-id=\"c792108\" data-element_type=\"container\" data-e-type=\"container\">\n\t\t\t\t\t<div class=\"e-con-inner\">\n\t\t<div class=\"elementor-element elementor-element-66842ed e-con-full e-flex wpr-particle-no wpr-jarallax-no wpr-parallax-no wpr-sticky-section-no wpr-equal-height-no e-con e-child\" data-id=\"66842ed\" data-element_type=\"container\" data-e-type=\"container\">\n\t\t\t\t<div class=\"elementor-element elementor-element-94667ba elementor-align-left elementor-widget__width-auto elementor-widget elementor-widget-button\" data-id=\"94667ba\" data-element_type=\"widget\" data-e-type=\"widget\" data-widget_type=\"button.default\">\n\t\t\t\t<div class=\"elementor-widget-container\">\n\t\t\t\t\t\t\t\t\t<div class=\"elementor-button-wrapper\">\n\t\t\t\t\t<a class=\"elementor-button elementor-button-link elementor-size-sm\" href=\"https:\/\/itp.edu.co\/ITP2022\/\">\n\t\t\t\t\t\t<span class=\"elementor-button-content-wrapper\">\n\t\t\t\t\t\t<span class=\"elementor-button-icon\">\n\t\t\t\t<i aria-hidden=\"true\" class=\"fas fa-home\"><\/i>\t\t\t<\/span>\n\t\t\t\t\t\t\t\t\t<span class=\"elementor-button-text\">Inicio<\/span>\n\t\t\t\t\t<\/span>\n\t\t\t\t\t<\/a>\n\t\t\t\t<\/div>\n\t\t\t\t\t\t\t\t<\/div>\n\t\t\t\t<\/div>\n\t\t\t\t<div class=\"elementor-element elementor-element-f422116 elementor-align-left elementor-widget__width-auto elementor-absolute elementor-widget elementor-widget-button\" data-id=\"f422116\" data-element_type=\"widget\" data-e-type=\"widget\" data-settings=\"{&quot;_position&quot;:&quot;absolute&quot;}\" data-widget_type=\"button.default\">\n\t\t\t\t<div class=\"elementor-widget-container\">\n\t\t\t\t\t\t\t\t\t<div class=\"elementor-button-wrapper\">\n\t\t\t\t\t<a class=\"elementor-button elementor-button-link elementor-size-sm\" href=\"https:\/\/sigedin.itp.edu.co\/sigedin\/inscripcion\/\">\n\t\t\t\t\t\t<span class=\"elementor-button-content-wrapper\">\n\t\t\t\t\t\t<span class=\"elementor-button-icon\">\n\t\t\t\t<i aria-hidden=\"true\" class=\"fas fa-book-reader\"><\/i>\t\t\t<\/span>\n\t\t\t\t\t\t\t\t\t<span class=\"elementor-button-text\">Inscr\u00edbete<\/span>\n\t\t\t\t\t<\/span>\n\t\t\t\t\t<\/a>\n\t\t\t\t<\/div>\n\t\t\t\t\t\t\t\t<\/div>\n\t\t\t\t<\/div>\n\t\t\t\t<div class=\"elementor-element elementor-element-6618f2c elementor-align-left elementor-widget__width-auto elementor-absolute elementor-widget elementor-widget-button\" data-id=\"6618f2c\" data-element_type=\"widget\" data-e-type=\"widget\" data-settings=\"{&quot;_position&quot;:&quot;absolute&quot;}\" data-widget_type=\"button.default\">\n\t\t\t\t<div class=\"elementor-widget-container\">\n\t\t\t\t\t\t\t\t\t<div class=\"elementor-button-wrapper\">\n\t\t\t\t\t<a class=\"elementor-button elementor-button-link elementor-size-sm\" href=\"https:\/\/itp.edu.co\/ITP2022\/\">\n\t\t\t\t\t\t<span class=\"elementor-button-content-wrapper\">\n\t\t\t\t\t\t<span class=\"elementor-button-icon\">\n\t\t\t\t<i aria-hidden=\"true\" class=\"fas fa-graduation-cap\"><\/i>\t\t\t<\/span>\n\t\t\t\t\t\t\t\t\t<span class=\"elementor-button-text\">Pregrados<\/span>\n\t\t\t\t\t<\/span>\n\t\t\t\t\t<\/a>\n\t\t\t\t<\/div>\n\t\t\t\t\t\t\t\t<\/div>\n\t\t\t\t<\/div>\n\t\t\t\t<div class=\"elementor-element elementor-element-35f8a6e elementor-align-left elementor-widget__width-auto elementor-absolute elementor-widget elementor-widget-button\" data-id=\"35f8a6e\" data-element_type=\"widget\" data-e-type=\"widget\" data-settings=\"{&quot;_position&quot;:&quot;absolute&quot;}\" data-widget_type=\"button.default\">\n\t\t\t\t<div class=\"elementor-widget-container\">\n\t\t\t\t\t\t\t\t\t<div class=\"elementor-button-wrapper\">\n\t\t\t\t\t<a class=\"elementor-button elementor-button-link elementor-size-sm\" href=\"https:\/\/itp.edu.co\/ITP2022\/\">\n\t\t\t\t\t\t<span class=\"elementor-button-content-wrapper\">\n\t\t\t\t\t\t<span class=\"elementor-button-icon\">\n\t\t\t\t<i aria-hidden=\"true\" class=\"fas fa-user-graduate\"><\/i>\t\t\t<\/span>\n\t\t\t\t\t\t\t\t\t<span class=\"elementor-button-text\">Postgrados<\/span>\n\t\t\t\t\t<\/span>\n\t\t\t\t\t<\/a>\n\t\t\t\t<\/div>\n\t\t\t\t\t\t\t\t<\/div>\n\t\t\t\t<\/div>\n\t\t\t\t<\/div>\n\t\t\t\t\t<\/div>\n\t\t\t\t<\/div>\n\t\t<div class=\"elementor-element elementor-element-870387d e-flex e-con-boxed wpr-particle-no wpr-jarallax-no wpr-parallax-no wpr-sticky-section-no wpr-equal-height-no e-con e-parent\" data-id=\"870387d\" data-element_type=\"container\" data-e-type=\"container\">\n\t\t\t\t\t<div class=\"e-con-inner\">\n\t\t\t\t<div class=\"elementor-element elementor-element-bd777d2 elementor-arrows-position-inside elementor-pagination-position-outside elementor-widget elementor-widget-image-carousel\" data-id=\"bd777d2\" data-element_type=\"widget\" data-e-type=\"widget\" data-settings=\"{&quot;slides_to_show&quot;:&quot;1&quot;,&quot;navigation&quot;:&quot;both&quot;,&quot;autoplay&quot;:&quot;yes&quot;,&quot;pause_on_hover&quot;:&quot;yes&quot;,&quot;pause_on_interaction&quot;:&quot;yes&quot;,&quot;autoplay_speed&quot;:5000,&quot;infinite&quot;:&quot;yes&quot;,&quot;effect&quot;:&quot;slide&quot;,&quot;speed&quot;:500}\" data-widget_type=\"image-carousel.default\">\n\t\t\t\t<div class=\"elementor-widget-container\">\n\t\t\t\t\t\t\t<div class=\"elementor-image-carousel-wrapper swiper\" role=\"region\" aria-roledescription=\"carousel\" aria-label=\"Carrusel de im\u00e1genes\" dir=\"ltr\">\n\t\t\t<div class=\"elementor-image-carousel swiper-wrapper\" aria-live=\"off\">\n\t\t\t\t\t\t\t\t<div class=\"swiper-slide\" role=\"group\" aria-roledescription=\"slide\" aria-label=\"1 of 1\"><a data-elementor-open-lightbox=\"yes\" data-elementor-lightbox-slideshow=\"bd777d2\" data-elementor-lightbox-title=\"ESPECIALIZACI\u00d3N\" data-e-action-hash=\"#elementor-action%3Aaction%3Dlightbox%26settings%3DeyJpZCI6MTUyNzksInVybCI6Imh0dHBzOlwvXC9pdHAuZWR1LmNvXC9JVFAyMDIyXC93cC1jb250ZW50XC91cGxvYWRzXC8yMDI1XC8xMlwvRVNQRUNJQUxJWkFDSU9OLndlYnAiLCJzbGlkZXNob3ciOiJiZDc3N2QyIn0%3D\" href=\"https:\/\/www.itp.edu.co\/web2016\/phocadownload\/Programas\/Especializacion_Gerencia_Talento_Humano\/Folleto_Especializacio\u0301n%20en%20Gerencia%20del%20Talento%20Humano_2025-2.pdf\" target=\"_blank\"><figure class=\"swiper-slide-inner\"><img decoding=\"async\" class=\"swiper-slide-image\" src=\"https:\/\/i0.wp.com\/itp.edu.co\/ITP2022\/wp-content\/uploads\/2025\/12\/ESPECIALIZACION.webp?fit=1366%2C452&amp;ssl=1\" alt=\"ESPECIALIZACI\u00d3N\" \/><\/figure><\/a><\/div>\t\t\t<\/div>\n\t\t\t\t\t<\/div>\n\t\t\t\t\t\t<\/div>\n\t\t\t\t<\/div>\n\t\t\t\t\t<\/div>\n\t\t\t\t<\/div>\n\t\t<div class=\"elementor-element elementor-element-e2add7c e-flex e-con-boxed wpr-particle-no wpr-jarallax-no wpr-parallax-no wpr-sticky-section-no wpr-equal-height-no e-con e-parent\" data-id=\"e2add7c\" data-element_type=\"container\" data-e-type=\"container\">\n\t\t\t\t\t<div class=\"e-con-inner\">\n\t\t<div class=\"elementor-element elementor-element-693e5cf e-con-full e-flex wpr-particle-no wpr-jarallax-no wpr-parallax-no wpr-sticky-section-no wpr-equal-height-no e-con e-child\" data-id=\"693e5cf\" data-element_type=\"container\" data-e-type=\"container\">\n\t\t\t\t<div class=\"elementor-element elementor-element-ac00526 obfx-position-top elementor-widget elementor-widget-obfx-services\" data-id=\"ac00526\" data-element_type=\"widget\" data-e-type=\"widget\" data-widget_type=\"obfx-services.default\">\n\t\t\t\t<div class=\"elementor-widget-container\">\n\t\t\t\t\t<div class=\"obfx-grid\"><div class=\"obfx-grid-container obfx-grid-mobile-1 obfx-grid-tablet-2 obfx-grid-desktop-3\">\t\t\t<div class=\"obfx-grid-wrapper\">\n\t\t\t\t<a href=\"https:\/\/itp.edu.co\/ITP2022\/\">\t\t\t\t<div class=\"obfx-service-box obfx-grid-col\">\n\t\t\t\t\t<span class=\"obfx-icon-wrap\"><i class=\"obfx-icon fas fa-home\" aria-hidden=\"true\" style=\"color:#09618F\"><\/i><\/span>\t\t\t\t\t\t<div class=\"obfx-service-box-content\">\n\t\t\t\t\t\t\t\t\t\t\t\t\t\t\t<h4 class=\"obfx-service-title\">Inicio<\/h4>\n\t\t\t\t\t\t\t\t\t\t\t\t\t\t\t\t<p class=\"obfx-service-text\">Regresar al inicio de la sede electr\u00f3nica<\/p>\n\t\t\t\t\t\t\t\t\t\t\t\t\t<\/div>\n\t\t\t\t\t\t\t\t\t<\/div>\n\t\t\t\t<\/a>\t\t\t<\/div>\n\t\t\t\t\t\t<div class=\"obfx-grid-wrapper\">\n\t\t\t\t<a href=\"https:\/\/www.itp.edu.co\/web2016\/phocadownload\/Programas\/Especializacion_Gerencia_Talento_Humano\/PLAN%20DE%20ESTUDIOS_ESP_GTH.pdf\">\t\t\t\t<div class=\"obfx-service-box obfx-grid-col\">\n\t\t\t\t\t<span class=\"obfx-icon-wrap\"><i class=\"obfx-icon fas fa-book-reader\" aria-hidden=\"true\" style=\"color:#09618F\"><\/i><\/span>\t\t\t\t\t\t<div class=\"obfx-service-box-content\">\n\t\t\t\t\t\t\t\t\t\t\t\t\t\t\t<h4 class=\"obfx-service-title\">Plan de estudios<\/h4>\n\t\t\t\t\t\t\t\t\t\t\t\t\t\t\t\t<p class=\"obfx-service-text\">Descargue aqu\u00ed el plan de estudios<\/p>\n\t\t\t\t\t\t\t\t\t\t\t\t\t<\/div>\n\t\t\t\t\t\t\t\t\t<\/div>\n\t\t\t\t<\/a>\t\t\t<\/div>\n\t\t\t\t\t\t<div class=\"obfx-grid-wrapper\">\n\t\t\t\t<a href=\"https:\/\/sigedin.itp.edu.co\/sigedin\/inscripcion\/\">\t\t\t\t<div class=\"obfx-service-box obfx-grid-col\">\n\t\t\t\t\t<span class=\"obfx-icon-wrap\"><i class=\"obfx-icon fas fa-chalkboard-teacher\" aria-hidden=\"true\" style=\"color:#09618F\"><\/i><\/span>\t\t\t\t\t\t<div class=\"obfx-service-box-content\">\n\t\t\t\t\t\t\t\t\t\t\t\t\t\t\t<h4 class=\"obfx-service-title\">Inscribirse<\/h4>\n\t\t\t\t\t\t\t\t\t\t\t\t\t\t\t\t<p class=\"obfx-service-text\">Realice su inscripci\u00f3n en l\u00ednea<\/p>\n\t\t\t\t\t\t\t\t\t\t\t\t\t<\/div>\n\t\t\t\t\t\t\t\t\t<\/div>\n\t\t\t\t<\/a>\t\t\t<\/div>\n\t\t\t<\/div><\/div>\t\t\t\t<\/div>\n\t\t\t\t<\/div>\n\t\t\t\t<\/div>\n\t\t<div class=\"elementor-element elementor-element-a8e0d4d e-con-full e-flex wpr-particle-no wpr-jarallax-no wpr-parallax-no wpr-sticky-section-no wpr-equal-height-no e-con e-child\" data-id=\"a8e0d4d\" data-element_type=\"container\" data-e-type=\"container\">\n\t\t\t\t<div class=\"elementor-element elementor-element-d61a0cf elementor-widget elementor-widget-accordion\" data-id=\"d61a0cf\" data-element_type=\"widget\" data-e-type=\"widget\" data-widget_type=\"accordion.default\">\n\t\t\t\t<div class=\"elementor-widget-container\">\n\t\t\t\t\t\t\t<div class=\"elementor-accordion\">\n\t\t\t\t\t\t\t<div class=\"elementor-accordion-item\">\n\t\t\t\t\t<div id=\"elementor-tab-title-2241\" class=\"elementor-tab-title\" data-tab=\"1\" role=\"button\" aria-controls=\"elementor-tab-content-2241\" aria-expanded=\"false\">\n\t\t\t\t\t\t\t\t\t\t\t\t\t<span class=\"elementor-accordion-icon elementor-accordion-icon-left\" aria-hidden=\"true\">\n\t\t\t\t\t\t\t\t\t\t\t\t\t\t\t<span class=\"elementor-accordion-icon-closed\"><i class=\"fas fa-plus\"><\/i><\/span>\n\t\t\t\t\t\t\t\t<span class=\"elementor-accordion-icon-opened\"><i class=\"fas fa-minus\"><\/i><\/span>\n\t\t\t\t\t\t\t\t\t\t\t\t\t\t<\/span>\n\t\t\t\t\t\t\t\t\t\t\t\t<a class=\"elementor-accordion-title\" tabindex=\"0\">Informaci\u00f3n General<\/a>\n\t\t\t\t\t<\/div>\n\t\t\t\t\t<div id=\"elementor-tab-content-2241\" class=\"elementor-tab-content elementor-clearfix\" data-tab=\"1\" role=\"region\" aria-labelledby=\"elementor-tab-title-2241\"><ul><li>&#8211; SNIES: 117908<\/li><li>&#8211; Ubicaci\u00f3n: Mocoa<\/li><li>&#8211; Resoluci\u00f3n de Aprobaci\u00f3n: Resoluci\u00f3n MEN No. 006395 del 31 de marzo de 2025<\/li><li>&#8211; Denominaci\u00f3n: Especializaci\u00f3n en Gerencia del Talento Humano<\/li><li>&#8211; T\u00edtulo Otorgado: Especialista en Gerencia del Talento Humano<\/li><li>&#8211; Modalidad: presencial<\/li><li>&#8211; Duraci\u00f3n: 2 semestres.<\/li><li>&#8211; No. Cr\u00e9ditos Acad\u00e9micos: 27<\/li><li>&#8211; Admisi\u00f3n: semestral.<\/li><li>&#8211; Jornada: fin de semana (viernes 6:00 p. m. a 10:00 p. m. \u2013 s\u00e1bado 7:00 a. m. a 12:00 p. m. \u2013 2:00 p. m. a 6:00 p. m.)<\/li><\/ul><\/div>\n\t\t\t\t<\/div>\n\t\t\t\t\t\t\t<div class=\"elementor-accordion-item\">\n\t\t\t\t\t<div id=\"elementor-tab-title-2242\" class=\"elementor-tab-title\" data-tab=\"2\" role=\"button\" aria-controls=\"elementor-tab-content-2242\" aria-expanded=\"false\">\n\t\t\t\t\t\t\t\t\t\t\t\t\t<span class=\"elementor-accordion-icon elementor-accordion-icon-left\" aria-hidden=\"true\">\n\t\t\t\t\t\t\t\t\t\t\t\t\t\t\t<span class=\"elementor-accordion-icon-closed\"><i class=\"fas fa-plus\"><\/i><\/span>\n\t\t\t\t\t\t\t\t<span class=\"elementor-accordion-icon-opened\"><i class=\"fas fa-minus\"><\/i><\/span>\n\t\t\t\t\t\t\t\t\t\t\t\t\t\t<\/span>\n\t\t\t\t\t\t\t\t\t\t\t\t<a class=\"elementor-accordion-title\" tabindex=\"0\">Perfil del egresado<\/a>\n\t\t\t\t\t<\/div>\n\t\t\t\t\t<div id=\"elementor-tab-content-2242\" class=\"elementor-tab-content elementor-clearfix\" data-tab=\"2\" role=\"region\" aria-labelledby=\"elementor-tab-title-2242\"><p>El Especialista en Gerencia del Talento Humano contar\u00e1 con una formaci\u00f3n integral que le permite entender la organizaci\u00f3n en t\u00e9rminos sist\u00e9micos haciendo \u00e9nfasis en la persona y su conocimiento como factor diferenciador, competente para enfrentar los retos y desaf\u00edos que se presentan en las organizaciones y en su relaci\u00f3n con el entorno regional y nacional en lo concerniente al capital humano.<\/p><\/div>\n\t\t\t\t<\/div>\n\t\t\t\t\t\t\t<div class=\"elementor-accordion-item\">\n\t\t\t\t\t<div id=\"elementor-tab-title-2243\" class=\"elementor-tab-title\" data-tab=\"3\" role=\"button\" aria-controls=\"elementor-tab-content-2243\" aria-expanded=\"false\">\n\t\t\t\t\t\t\t\t\t\t\t\t\t<span class=\"elementor-accordion-icon elementor-accordion-icon-left\" aria-hidden=\"true\">\n\t\t\t\t\t\t\t\t\t\t\t\t\t\t\t<span class=\"elementor-accordion-icon-closed\"><i class=\"fas fa-plus\"><\/i><\/span>\n\t\t\t\t\t\t\t\t<span class=\"elementor-accordion-icon-opened\"><i class=\"fas fa-minus\"><\/i><\/span>\n\t\t\t\t\t\t\t\t\t\t\t\t\t\t<\/span>\n\t\t\t\t\t\t\t\t\t\t\t\t<a class=\"elementor-accordion-title\" tabindex=\"0\">Perfil de ingreso<\/a>\n\t\t\t\t\t<\/div>\n\t\t\t\t\t<div id=\"elementor-tab-content-2243\" class=\"elementor-tab-content elementor-clearfix\" data-tab=\"3\" role=\"region\" aria-labelledby=\"elementor-tab-title-2243\"><p>La Especializaci\u00f3n en Gerencia del Talento Humano est\u00e1 dirigida a profesionales de todas las \u00e1reas del conocimiento que deseen fortalecer sus capacidades en la gesti\u00f3n estrat\u00e9gica de las personas dentro de las organizaciones, tanto p\u00fablicas como privadas.<\/p><p>Se espera que el aspirante:<\/p><ul><li>\u2022-Posea t\u00edtulo profesional en cualquier disciplina del saber, con inter\u00e9s en el liderazgo, la gesti\u00f3n de equipos, el desarrollo organizacional o el fortalecimiento del capital humano.<br \/>\u2022-Demuestre motivaci\u00f3n por adquirir herramientas que le permitan gerenciar el talento humano con enfoque estrat\u00e9gico, \u00e9tico e innovador.<br \/>\u2022-Tenga habilidades b\u00e1sicas de comunicaci\u00f3n, pensamiento anal\u00edtico, trabajo colaborativo y actitud proactiva frente al cambio.<br \/>\u2022-Est\u00e9 comprometido con el desarrollo personal, profesional y social, reconociendo el valor de las personas como eje central del \u00e9xito organizacional.<br \/>\u2022-Sea consciente de los retos actuales del entorno laboral y est\u00e9 dispuesto a contribuir a una cultura organizacional m\u00e1s humana, eficiente y sostenible.<\/li><\/ul><\/div>\n\t\t\t\t<\/div>\n\t\t\t\t\t\t\t<div class=\"elementor-accordion-item\">\n\t\t\t\t\t<div id=\"elementor-tab-title-2244\" class=\"elementor-tab-title\" data-tab=\"4\" role=\"button\" aria-controls=\"elementor-tab-content-2244\" aria-expanded=\"false\">\n\t\t\t\t\t\t\t\t\t\t\t\t\t<span class=\"elementor-accordion-icon elementor-accordion-icon-left\" aria-hidden=\"true\">\n\t\t\t\t\t\t\t\t\t\t\t\t\t\t\t<span class=\"elementor-accordion-icon-closed\"><i class=\"fas fa-plus\"><\/i><\/span>\n\t\t\t\t\t\t\t\t<span class=\"elementor-accordion-icon-opened\"><i class=\"fas fa-minus\"><\/i><\/span>\n\t\t\t\t\t\t\t\t\t\t\t\t\t\t<\/span>\n\t\t\t\t\t\t\t\t\t\t\t\t<a class=\"elementor-accordion-title\" tabindex=\"0\">Informaci\u00f3n financiera<\/a>\n\t\t\t\t\t<\/div>\n\t\t\t\t\t<div id=\"elementor-tab-content-2244\" class=\"elementor-tab-content elementor-clearfix\" data-tab=\"4\" role=\"region\" aria-labelledby=\"elementor-tab-title-2244\"><ul><li><strong>Inversi\u00f3n<\/strong><ul><li>Inscripci\u00f3n: $146.000<\/li><li>Matr\u00edcula: $4&#8217;206.000<\/li><\/ul><\/li><\/ul><hr \/><ul><li><strong>Descuentos<\/strong>.<ul><li>10% Descuento electoral presentando el certificado.<\/li><li>15% Descuento egresedos ITP.<\/li><li>5% Afiliados a Cootep<\/li><\/ul><\/li><\/ul><\/div>\n\t\t\t\t<\/div>\n\t\t\t\t\t\t\t<div class=\"elementor-accordion-item\">\n\t\t\t\t\t<div id=\"elementor-tab-title-2245\" class=\"elementor-tab-title\" data-tab=\"5\" role=\"button\" aria-controls=\"elementor-tab-content-2245\" aria-expanded=\"false\">\n\t\t\t\t\t\t\t\t\t\t\t\t\t<span class=\"elementor-accordion-icon elementor-accordion-icon-left\" aria-hidden=\"true\">\n\t\t\t\t\t\t\t\t\t\t\t\t\t\t\t<span class=\"elementor-accordion-icon-closed\"><i class=\"fas fa-plus\"><\/i><\/span>\n\t\t\t\t\t\t\t\t<span class=\"elementor-accordion-icon-opened\"><i class=\"fas fa-minus\"><\/i><\/span>\n\t\t\t\t\t\t\t\t\t\t\t\t\t\t<\/span>\n\t\t\t\t\t\t\t\t\t\t\t\t<a class=\"elementor-accordion-title\" tabindex=\"0\">Direcci\u00f3n de programa<\/a>\n\t\t\t\t\t<\/div>\n\t\t\t\t\t<div id=\"elementor-tab-content-2245\" class=\"elementor-tab-content elementor-clearfix\" data-tab=\"5\" role=\"region\" aria-labelledby=\"elementor-tab-title-2245\"><p><strong>Oscar Juli\u00e1n S\u00e1nchez Vargas<\/strong> <br \/>Director de programa<br \/>correo: esp.gerenciath@itp.edu.co<br \/>Celular: 3115509197<\/p><\/div>\n\t\t\t\t<\/div>\n\t\t\t\t\t\t\t\t<\/div>\n\t\t\t\t\t\t<\/div>\n\t\t\t\t<\/div>\n\t\t\t\t<\/div>\n\t\t\t\t\t<\/div>\n\t\t\t\t<\/div>\n\t\t<div class=\"elementor-element elementor-element-8b50503 e-flex e-con-boxed wpr-particle-no wpr-jarallax-no wpr-parallax-no wpr-sticky-section-no wpr-equal-height-no e-con e-parent\" data-id=\"8b50503\" data-element_type=\"container\" data-e-type=\"container\">\n\t\t\t\t\t<div class=\"e-con-inner\">\n\t\t<div class=\"elementor-element elementor-element-d9b3896 e-con-full e-flex wpr-particle-no wpr-jarallax-no wpr-parallax-no wpr-sticky-section-no wpr-equal-height-no e-con e-child\" data-id=\"d9b3896\" data-element_type=\"container\" data-e-type=\"container\">\n\t\t\t\t<div class=\"elementor-element elementor-element-814fc58 elementor-widget elementor-widget-heading\" data-id=\"814fc58\" data-element_type=\"widget\" data-e-type=\"widget\" data-widget_type=\"heading.default\">\n\t\t\t\t<div class=\"elementor-widget-container\">\n\t\t\t\t\t<h3 class=\"elementor-heading-title elementor-size-default\"><a href=\"https:\/\/www.itp.edu.co\/web2016\/phocadownload\/Programas\/Especializacion_Gerencia_Talento_Humano\/2026\/V2_Especializaci\u00f3n%20en%20Gerencia%20del%20Talento%20Humano.pdf\" target=\"_blank\">Informaci\u00f3n para profesionales que quieren especializarse<\/a><\/h3>\t\t\t\t<\/div>\n\t\t\t\t<\/div>\n\t\t\t\t<\/div>\n\t\t<div class=\"elementor-element elementor-element-a9553f3 e-con-full e-flex wpr-particle-no wpr-jarallax-no wpr-parallax-no wpr-sticky-section-no wpr-equal-height-no e-con e-child\" data-id=\"a9553f3\" data-element_type=\"container\" data-e-type=\"container\">\n\t\t\t\t<div class=\"elementor-element elementor-element-92b7beb elementor-widget elementor-widget-heading\" data-id=\"92b7beb\" data-element_type=\"widget\" data-e-type=\"widget\" data-widget_type=\"heading.default\">\n\t\t\t\t<div class=\"elementor-widget-container\">\n\t\t\t\t\t<h3 class=\"elementor-heading-title elementor-size-default\"><a href=\"https:\/\/www.itp.edu.co\/web2016\/phocadownload\/Programas\/Especializacion_Gerencia_Talento_Humano\/2026\/V2.1_Especializaci\u00f3n%20en%20Gerencia%20del%20Talento%20Humano.pdf\" target=\"_blank\">Informaci\u00f3n para estudiantes que quieran cursar la especializaci\u00f3n como opci\u00f3n de grado<\/a><\/h3>\t\t\t\t<\/div>\n\t\t\t\t<\/div>\n\t\t\t\t<\/div>\n\t\t\t\t\t<\/div>\n\t\t\t\t<\/div>\n\t\t\t\t<\/div>\n\t\t","protected":false},"excerpt":{"rendered":"<p>Inicio Inscr\u00edbete Pregrados Postgrados Inicio Regresar al inicio de la sede electr\u00f3nica Plan de estudios Descargue aqu\u00ed el plan de estudios Inscribirse Realice su inscripci\u00f3n en l\u00ednea Informaci\u00f3n General &#8211; SNIES: 117908 &#8211; Ubicaci\u00f3n: Mocoa &#8211; Resoluci\u00f3n de Aprobaci\u00f3n: Resoluci\u00f3n MEN No. 006395 del 31 de marzo de 2025 &#8211; Denominaci\u00f3n: Especializaci\u00f3n en Gerencia del Talento Humano &#8211; T\u00edtulo Otorgado: Especialista en Gerencia del Talento Humano &#8211; Modalidad: presencial &#8211; Duraci\u00f3n: 2 semestres. &#8211; No. Cr\u00e9ditos Acad\u00e9micos: 27 &#8211; Admisi\u00f3n: semestral. &#8211; Jornada: fin de semana (viernes 6:00 p. m. a 10:00 p. m. \u2013 s\u00e1bado 7:00 a. m. a 12:00 p. m. \u2013 2:00 p. m. a 6:00 p. m.) Perfil del egresado El Especialista en Gerencia del Talento Humano contar\u00e1 con una formaci\u00f3n integral que le permite entender la organizaci\u00f3n en t\u00e9rminos sist\u00e9micos haciendo \u00e9nfasis en la persona y su conocimiento como factor diferenciador, competente para enfrentar los retos y desaf\u00edos que se presentan en las organizaciones y en su relaci\u00f3n con el entorno regional y nacional en lo concerniente al capital humano. Perfil de ingreso La Especializaci\u00f3n en Gerencia del Talento Humano est\u00e1 dirigida a profesionales de todas las \u00e1reas del conocimiento que deseen fortalecer sus capacidades en la gesti\u00f3n estrat\u00e9gica de las personas dentro de las organizaciones, tanto p\u00fablicas como privadas. Se espera que el aspirante: \u2022-Posea t\u00edtulo profesional en cualquier disciplina del saber, con inter\u00e9s en el liderazgo, la gesti\u00f3n de equipos, el desarrollo organizacional o el fortalecimiento del capital humano.\u2022-Demuestre motivaci\u00f3n por adquirir herramientas que le permitan gerenciar el talento humano con enfoque estrat\u00e9gico, \u00e9tico e innovador.\u2022-Tenga habilidades b\u00e1sicas de comunicaci\u00f3n, pensamiento anal\u00edtico, trabajo colaborativo y actitud proactiva frente al cambio.\u2022-Est\u00e9 comprometido con el desarrollo personal, profesional y social, reconociendo el valor de las personas como eje central del \u00e9xito organizacional.\u2022-Sea consciente de los retos actuales del entorno laboral y est\u00e9 dispuesto a contribuir a una cultura organizacional m\u00e1s humana, eficiente y sostenible. Informaci\u00f3n financiera Inversi\u00f3n Inscripci\u00f3n: $146.000 Matr\u00edcula: $4&#8217;206.000 Descuentos. 10% Descuento electoral presentando el certificado. 15% Descuento egresedos ITP. 5% Afiliados a Cootep Direcci\u00f3n de programa Oscar Juli\u00e1n S\u00e1nchez Vargas Director de programacorreo: esp.gerenciath@itp.edu.coCelular: 3115509197 Informaci\u00f3n para profesionales que quieren especializarse Informaci\u00f3n para estudiantes que quieran cursar la especializaci\u00f3n como opci\u00f3n de grado<\/p>\n","protected":false},"author":1,"featured_media":0,"parent":0,"menu_order":0,"comment_status":"closed","ping_status":"closed","template":"page-templates\/template-pagebuilder-full-width.php","meta":{"_uag_custom_page_level_css":"","neve_meta_sidebar":"","neve_meta_container":"","neve_meta_enable_content_width":"","neve_meta_content_width":0,"neve_meta_title_alignment":"","neve_meta_author_avatar":"","neve_post_elements_order":"","neve_meta_disable_header":"","neve_meta_disable_footer":"","neve_meta_disable_title":"","footnotes":""},"class_list":["post-14021","page","type-page","status-publish","hentry"],"yoast_head":"<!-- This site is optimized with the Yoast SEO plugin v27.5 - https:\/\/yoast.com\/product\/yoast-seo-wordpress\/ -->\n<title>Especializaci\u00f3n en Gerencia del Talento Humano - UNIPUTUMAYO<\/title>\n<meta name=\"robots\" content=\"index, follow, max-snippet:-1, max-image-preview:large, max-video-preview:-1\" \/>\n<link rel=\"canonical\" href=\"https:\/\/itp.edu.co\/ITP2022\/?page_id=14021\" \/>\n<meta property=\"og:locale\" content=\"es_ES\" \/>\n<meta property=\"og:type\" content=\"article\" \/>\n<meta property=\"og:title\" content=\"Especializaci\u00f3n en Gerencia del Talento Humano - UNIPUTUMAYO\" \/>\n<meta property=\"og:description\" content=\"Inicio Inscr\u00edbete Pregrados Postgrados Inicio Regresar al inicio de la sede electr\u00f3nica Plan de estudios Descargue aqu\u00ed el plan de estudios Inscribirse Realice su inscripci\u00f3n en l\u00ednea Informaci\u00f3n General &#8211; SNIES: 117908 &#8211; Ubicaci\u00f3n: Mocoa &#8211; Resoluci\u00f3n de Aprobaci\u00f3n: Resoluci\u00f3n MEN No. 006395 del 31 de marzo de 2025 &#8211; Denominaci\u00f3n: Especializaci\u00f3n en Gerencia del Talento Humano &#8211; T\u00edtulo Otorgado: Especialista en Gerencia del Talento Humano &#8211; Modalidad: presencial &#8211; Duraci\u00f3n: 2 semestres. &#8211; No. Cr\u00e9ditos Acad\u00e9micos: 27 &#8211; Admisi\u00f3n: semestral. &#8211; Jornada: fin de semana (viernes 6:00 p. m. a 10:00 p. m. \u2013 s\u00e1bado 7:00 a. m. a 12:00 p. m. \u2013 2:00 p. m. a 6:00 p. m.) Perfil del egresado El Especialista en Gerencia del Talento Humano contar\u00e1 con una formaci\u00f3n integral que le permite entender la organizaci\u00f3n en t\u00e9rminos sist\u00e9micos haciendo \u00e9nfasis en la persona y su conocimiento como factor diferenciador, competente para enfrentar los retos y desaf\u00edos que se presentan en las organizaciones y en su relaci\u00f3n con el entorno regional y nacional en lo concerniente al capital humano. Perfil de ingreso La Especializaci\u00f3n en Gerencia del Talento Humano est\u00e1 dirigida a profesionales de todas las \u00e1reas del conocimiento que deseen fortalecer sus capacidades en la gesti\u00f3n estrat\u00e9gica de las personas dentro de las organizaciones, tanto p\u00fablicas como privadas. Se espera que el aspirante: \u2022-Posea t\u00edtulo profesional en cualquier disciplina del saber, con inter\u00e9s en el liderazgo, la gesti\u00f3n de equipos, el desarrollo organizacional o el fortalecimiento del capital humano.\u2022-Demuestre motivaci\u00f3n por adquirir herramientas que le permitan gerenciar el talento humano con enfoque estrat\u00e9gico, \u00e9tico e innovador.\u2022-Tenga habilidades b\u00e1sicas de comunicaci\u00f3n, pensamiento anal\u00edtico, trabajo colaborativo y actitud proactiva frente al cambio.\u2022-Est\u00e9 comprometido con el desarrollo personal, profesional y social, reconociendo el valor de las personas como eje central del \u00e9xito organizacional.\u2022-Sea consciente de los retos actuales del entorno laboral y est\u00e9 dispuesto a contribuir a una cultura organizacional m\u00e1s humana, eficiente y sostenible. Informaci\u00f3n financiera Inversi\u00f3n Inscripci\u00f3n: $146.000 Matr\u00edcula: $4&#8217;206.000 Descuentos. 10% Descuento electoral presentando el certificado. 15% Descuento egresedos ITP. 5% Afiliados a Cootep Direcci\u00f3n de programa Oscar Juli\u00e1n S\u00e1nchez Vargas Director de programacorreo: esp.gerenciath@itp.edu.coCelular: 3115509197 Informaci\u00f3n para profesionales que quieren especializarse Informaci\u00f3n para estudiantes que quieran cursar la especializaci\u00f3n como opci\u00f3n de grado\" \/>\n<meta property=\"og:url\" content=\"https:\/\/itp.edu.co\/ITP2022\/?page_id=14021\" \/>\n<meta property=\"og:site_name\" content=\"UNIPUTUMAYO\" \/>\n<meta property=\"article:publisher\" content=\"https:\/\/www.facebook.com\/OficialITP\/?locale=es_LA\" \/>\n<meta property=\"article:modified_time\" content=\"2026-03-13T14:58:12+00:00\" \/>\n<meta property=\"og:image\" content=\"https:\/\/itp.edu.co\/ITP2022\/wp-content\/uploads\/2025\/12\/ESPECIALIZACION.webp\" \/>\n<meta name=\"twitter:card\" content=\"summary_large_image\" \/>\n<meta name=\"twitter:site\" content=\"@ITPOficial\" \/>\n<meta name=\"twitter:label1\" content=\"Tiempo de lectura\" \/>\n\t<meta name=\"twitter:data1\" content=\"2 minutos\" \/>\n<script type=\"application\/ld+json\" class=\"yoast-schema-graph\">{\"@context\":\"https:\\\/\\\/schema.org\",\"@graph\":[{\"@type\":\"WebPage\",\"@id\":\"https:\\\/\\\/itp.edu.co\\\/ITP2022\\\/?page_id=14021\",\"url\":\"https:\\\/\\\/itp.edu.co\\\/ITP2022\\\/?page_id=14021\",\"name\":\"Especializaci\u00f3n en Gerencia del Talento Humano - UNIPUTUMAYO\",\"isPartOf\":{\"@id\":\"https:\\\/\\\/itp.edu.co\\\/ITP2022\\\/#website\"},\"primaryImageOfPage\":{\"@id\":\"https:\\\/\\\/itp.edu.co\\\/ITP2022\\\/?page_id=14021#primaryimage\"},\"image\":{\"@id\":\"https:\\\/\\\/itp.edu.co\\\/ITP2022\\\/?page_id=14021#primaryimage\"},\"thumbnailUrl\":\"https:\\\/\\\/itp.edu.co\\\/ITP2022\\\/wp-content\\\/uploads\\\/2025\\\/12\\\/ESPECIALIZACION.webp\",\"datePublished\":\"2025-07-17T22:49:42+00:00\",\"dateModified\":\"2026-03-13T14:58:12+00:00\",\"breadcrumb\":{\"@id\":\"https:\\\/\\\/itp.edu.co\\\/ITP2022\\\/?page_id=14021#breadcrumb\"},\"inLanguage\":\"es-CO\",\"potentialAction\":[{\"@type\":\"ReadAction\",\"target\":[\"https:\\\/\\\/itp.edu.co\\\/ITP2022\\\/?page_id=14021\"]}]},{\"@type\":\"ImageObject\",\"inLanguage\":\"es-CO\",\"@id\":\"https:\\\/\\\/itp.edu.co\\\/ITP2022\\\/?page_id=14021#primaryimage\",\"url\":\"https:\\\/\\\/i0.wp.com\\\/itp.edu.co\\\/ITP2022\\\/wp-content\\\/uploads\\\/2025\\\/12\\\/ESPECIALIZACION.webp?fit=1366%2C452&ssl=1\",\"contentUrl\":\"https:\\\/\\\/i0.wp.com\\\/itp.edu.co\\\/ITP2022\\\/wp-content\\\/uploads\\\/2025\\\/12\\\/ESPECIALIZACION.webp?fit=1366%2C452&ssl=1\",\"width\":1366,\"height\":452},{\"@type\":\"BreadcrumbList\",\"@id\":\"https:\\\/\\\/itp.edu.co\\\/ITP2022\\\/?page_id=14021#breadcrumb\",\"itemListElement\":[{\"@type\":\"ListItem\",\"position\":1,\"name\":\"Inicio\",\"item\":\"https:\\\/\\\/itp.edu.co\\\/ITP2022\\\/\"},{\"@type\":\"ListItem\",\"position\":2,\"name\":\"Especializaci\u00f3n en Gerencia del Talento Humano\"}]},{\"@type\":\"WebSite\",\"@id\":\"https:\\\/\\\/itp.edu.co\\\/ITP2022\\\/#website\",\"url\":\"https:\\\/\\\/itp.edu.co\\\/ITP2022\\\/\",\"name\":\"UNIPUTUMAYO\",\"description\":\"\",\"publisher\":{\"@id\":\"https:\\\/\\\/itp.edu.co\\\/ITP2022\\\/#organization\"},\"potentialAction\":[{\"@type\":\"SearchAction\",\"target\":{\"@type\":\"EntryPoint\",\"urlTemplate\":\"https:\\\/\\\/itp.edu.co\\\/ITP2022\\\/?s={search_term_string}\"},\"query-input\":{\"@type\":\"PropertyValueSpecification\",\"valueRequired\":true,\"valueName\":\"search_term_string\"}}],\"inLanguage\":\"es-CO\"},{\"@type\":\"Organization\",\"@id\":\"https:\\\/\\\/itp.edu.co\\\/ITP2022\\\/#organization\",\"name\":\"UNIPUTUMAYO\",\"url\":\"https:\\\/\\\/itp.edu.co\\\/ITP2022\\\/\",\"logo\":{\"@type\":\"ImageObject\",\"inLanguage\":\"es-CO\",\"@id\":\"https:\\\/\\\/itp.edu.co\\\/ITP2022\\\/#\\\/schema\\\/logo\\\/image\\\/\",\"url\":\"https:\\\/\\\/i0.wp.com\\\/itp.edu.co\\\/ITP2022\\\/wp-content\\\/uploads\\\/2025\\\/11\\\/Logo-azul-PNG-01-scaled.webp?fit=1920%2C620&ssl=1\",\"contentUrl\":\"https:\\\/\\\/i0.wp.com\\\/itp.edu.co\\\/ITP2022\\\/wp-content\\\/uploads\\\/2025\\\/11\\\/Logo-azul-PNG-01-scaled.webp?fit=1920%2C620&ssl=1\",\"width\":1920,\"height\":620,\"caption\":\"UNIPUTUMAYO\"},\"image\":{\"@id\":\"https:\\\/\\\/itp.edu.co\\\/ITP2022\\\/#\\\/schema\\\/logo\\\/image\\\/\"},\"sameAs\":[\"https:\\\/\\\/www.facebook.com\\\/OficialITP\\\/?locale=es_LA\",\"https:\\\/\\\/x.com\\\/ITPOficial\"]}]}<\/script>\n<!-- \/ Yoast SEO plugin. -->","yoast_head_json":{"title":"Especializaci\u00f3n en Gerencia del Talento Humano - UNIPUTUMAYO","robots":{"index":"index","follow":"follow","max-snippet":"max-snippet:-1","max-image-preview":"max-image-preview:large","max-video-preview":"max-video-preview:-1"},"canonical":"https:\/\/itp.edu.co\/ITP2022\/?page_id=14021","og_locale":"es_ES","og_type":"article","og_title":"Especializaci\u00f3n en Gerencia del Talento Humano - UNIPUTUMAYO","og_description":"Inicio Inscr\u00edbete Pregrados Postgrados Inicio Regresar al inicio de la sede electr\u00f3nica Plan de estudios Descargue aqu\u00ed el plan de estudios Inscribirse Realice su inscripci\u00f3n en l\u00ednea Informaci\u00f3n General &#8211; SNIES: 117908 &#8211; Ubicaci\u00f3n: Mocoa &#8211; Resoluci\u00f3n de Aprobaci\u00f3n: Resoluci\u00f3n MEN No. 006395 del 31 de marzo de 2025 &#8211; Denominaci\u00f3n: Especializaci\u00f3n en Gerencia del Talento Humano &#8211; T\u00edtulo Otorgado: Especialista en Gerencia del Talento Humano &#8211; Modalidad: presencial &#8211; Duraci\u00f3n: 2 semestres. &#8211; No. Cr\u00e9ditos Acad\u00e9micos: 27 &#8211; Admisi\u00f3n: semestral. &#8211; Jornada: fin de semana (viernes 6:00 p. m. a 10:00 p. m. \u2013 s\u00e1bado 7:00 a. m. a 12:00 p. m. \u2013 2:00 p. m. a 6:00 p. m.) Perfil del egresado El Especialista en Gerencia del Talento Humano contar\u00e1 con una formaci\u00f3n integral que le permite entender la organizaci\u00f3n en t\u00e9rminos sist\u00e9micos haciendo \u00e9nfasis en la persona y su conocimiento como factor diferenciador, competente para enfrentar los retos y desaf\u00edos que se presentan en las organizaciones y en su relaci\u00f3n con el entorno regional y nacional en lo concerniente al capital humano. Perfil de ingreso La Especializaci\u00f3n en Gerencia del Talento Humano est\u00e1 dirigida a profesionales de todas las \u00e1reas del conocimiento que deseen fortalecer sus capacidades en la gesti\u00f3n estrat\u00e9gica de las personas dentro de las organizaciones, tanto p\u00fablicas como privadas. Se espera que el aspirante: \u2022-Posea t\u00edtulo profesional en cualquier disciplina del saber, con inter\u00e9s en el liderazgo, la gesti\u00f3n de equipos, el desarrollo organizacional o el fortalecimiento del capital humano.\u2022-Demuestre motivaci\u00f3n por adquirir herramientas que le permitan gerenciar el talento humano con enfoque estrat\u00e9gico, \u00e9tico e innovador.\u2022-Tenga habilidades b\u00e1sicas de comunicaci\u00f3n, pensamiento anal\u00edtico, trabajo colaborativo y actitud proactiva frente al cambio.\u2022-Est\u00e9 comprometido con el desarrollo personal, profesional y social, reconociendo el valor de las personas como eje central del \u00e9xito organizacional.\u2022-Sea consciente de los retos actuales del entorno laboral y est\u00e9 dispuesto a contribuir a una cultura organizacional m\u00e1s humana, eficiente y sostenible. Informaci\u00f3n financiera Inversi\u00f3n Inscripci\u00f3n: $146.000 Matr\u00edcula: $4&#8217;206.000 Descuentos. 10% Descuento electoral presentando el certificado. 15% Descuento egresedos ITP. 5% Afiliados a Cootep Direcci\u00f3n de programa Oscar Juli\u00e1n S\u00e1nchez Vargas Director de programacorreo: esp.gerenciath@itp.edu.coCelular: 3115509197 Informaci\u00f3n para profesionales que quieren especializarse Informaci\u00f3n para estudiantes que quieran cursar la especializaci\u00f3n como opci\u00f3n de grado","og_url":"https:\/\/itp.edu.co\/ITP2022\/?page_id=14021","og_site_name":"UNIPUTUMAYO","article_publisher":"https:\/\/www.facebook.com\/OficialITP\/?locale=es_LA","article_modified_time":"2026-03-13T14:58:12+00:00","og_image":[{"url":"https:\/\/itp.edu.co\/ITP2022\/wp-content\/uploads\/2025\/12\/ESPECIALIZACION.webp","type":"","width":"","height":""}],"twitter_card":"summary_large_image","twitter_site":"@ITPOficial","twitter_misc":{"Tiempo de lectura":"2 minutos"},"schema":{"@context":"https:\/\/schema.org","@graph":[{"@type":"WebPage","@id":"https:\/\/itp.edu.co\/ITP2022\/?page_id=14021","url":"https:\/\/itp.edu.co\/ITP2022\/?page_id=14021","name":"Especializaci\u00f3n en Gerencia del Talento Humano - UNIPUTUMAYO","isPartOf":{"@id":"https:\/\/itp.edu.co\/ITP2022\/#website"},"primaryImageOfPage":{"@id":"https:\/\/itp.edu.co\/ITP2022\/?page_id=14021#primaryimage"},"image":{"@id":"https:\/\/itp.edu.co\/ITP2022\/?page_id=14021#primaryimage"},"thumbnailUrl":"https:\/\/itp.edu.co\/ITP2022\/wp-content\/uploads\/2025\/12\/ESPECIALIZACION.webp","datePublished":"2025-07-17T22:49:42+00:00","dateModified":"2026-03-13T14:58:12+00:00","breadcrumb":{"@id":"https:\/\/itp.edu.co\/ITP2022\/?page_id=14021#breadcrumb"},"inLanguage":"es-CO","potentialAction":[{"@type":"ReadAction","target":["https:\/\/itp.edu.co\/ITP2022\/?page_id=14021"]}]},{"@type":"ImageObject","inLanguage":"es-CO","@id":"https:\/\/itp.edu.co\/ITP2022\/?page_id=14021#primaryimage","url":"https:\/\/i0.wp.com\/itp.edu.co\/ITP2022\/wp-content\/uploads\/2025\/12\/ESPECIALIZACION.webp?fit=1366%2C452&ssl=1","contentUrl":"https:\/\/i0.wp.com\/itp.edu.co\/ITP2022\/wp-content\/uploads\/2025\/12\/ESPECIALIZACION.webp?fit=1366%2C452&ssl=1","width":1366,"height":452},{"@type":"BreadcrumbList","@id":"https:\/\/itp.edu.co\/ITP2022\/?page_id=14021#breadcrumb","itemListElement":[{"@type":"ListItem","position":1,"name":"Inicio","item":"https:\/\/itp.edu.co\/ITP2022\/"},{"@type":"ListItem","position":2,"name":"Especializaci\u00f3n en Gerencia del Talento Humano"}]},{"@type":"WebSite","@id":"https:\/\/itp.edu.co\/ITP2022\/#website","url":"https:\/\/itp.edu.co\/ITP2022\/","name":"UNIPUTUMAYO","description":"","publisher":{"@id":"https:\/\/itp.edu.co\/ITP2022\/#organization"},"potentialAction":[{"@type":"SearchAction","target":{"@type":"EntryPoint","urlTemplate":"https:\/\/itp.edu.co\/ITP2022\/?s={search_term_string}"},"query-input":{"@type":"PropertyValueSpecification","valueRequired":true,"valueName":"search_term_string"}}],"inLanguage":"es-CO"},{"@type":"Organization","@id":"https:\/\/itp.edu.co\/ITP2022\/#organization","name":"UNIPUTUMAYO","url":"https:\/\/itp.edu.co\/ITP2022\/","logo":{"@type":"ImageObject","inLanguage":"es-CO","@id":"https:\/\/itp.edu.co\/ITP2022\/#\/schema\/logo\/image\/","url":"https:\/\/i0.wp.com\/itp.edu.co\/ITP2022\/wp-content\/uploads\/2025\/11\/Logo-azul-PNG-01-scaled.webp?fit=1920%2C620&ssl=1","contentUrl":"https:\/\/i0.wp.com\/itp.edu.co\/ITP2022\/wp-content\/uploads\/2025\/11\/Logo-azul-PNG-01-scaled.webp?fit=1920%2C620&ssl=1","width":1920,"height":620,"caption":"UNIPUTUMAYO"},"image":{"@id":"https:\/\/itp.edu.co\/ITP2022\/#\/schema\/logo\/image\/"},"sameAs":["https:\/\/www.facebook.com\/OficialITP\/?locale=es_LA","https:\/\/x.com\/ITPOficial"]}]}},"uagb_featured_image_src":{"full":false,"thumbnail":false,"medium":false,"medium_large":false,"large":false,"1536x1536":false,"2048x2048":false,"smart-post-landscape":false,"smart-post-portrait":false,"neve-blog":false,"psacp-medium":false},"uagb_author_info":{"display_name":"administrador","author_link":"https:\/\/itp.edu.co\/ITP2022\/author\/administrador"},"uagb_comment_info":0,"uagb_excerpt":"Inicio Inscr\u00edbete Pregrados Postgrados Inicio Regresar al inicio de la sede electr\u00f3nica Plan de estudios Descargue aqu\u00ed el plan de estudios Inscribirse Realice su inscripci\u00f3n en l\u00ednea Informaci\u00f3n General &#8211; SNIES: 117908 &#8211; Ubicaci\u00f3n: Mocoa &#8211; Resoluci\u00f3n de Aprobaci\u00f3n: Resoluci\u00f3n MEN No. 006395 del 31 de marzo de 2025 &#8211; Denominaci\u00f3n: Especializaci\u00f3n en Gerencia del&hellip;","jetpack-related-posts":[],"jetpack_sharing_enabled":true,"rttpg_featured_image_url":null,"rttpg_author":{"display_name":"administrador","author_link":"https:\/\/itp.edu.co\/ITP2022\/author\/administrador"},"rttpg_comment":0,"rttpg_category":null,"rttpg_excerpt":"Inicio Inscr\u00edbete Pregrados Postgrados Inicio Regresar al inicio de la sede electr\u00f3nica Plan de estudios Descargue aqu\u00ed el plan de estudios Inscribirse Realice su inscripci\u00f3n en l\u00ednea Informaci\u00f3n General &#8211; SNIES: 117908 &#8211; Ubicaci\u00f3n: Mocoa &#8211; Resoluci\u00f3n de Aprobaci\u00f3n: Resoluci\u00f3n MEN No. 006395 del 31 de marzo de 2025 &#8211; Denominaci\u00f3n: Especializaci\u00f3n en Gerencia del&hellip;","_links":{"self":[{"href":"https:\/\/itp.edu.co\/ITP2022\/index.php?rest_route=\/wp\/v2\/pages\/14021","targetHints":{"allow":["GET"]}}],"collection":[{"href":"https:\/\/itp.edu.co\/ITP2022\/index.php?rest_route=\/wp\/v2\/pages"}],"about":[{"href":"https:\/\/itp.edu.co\/ITP2022\/index.php?rest_route=\/wp\/v2\/types\/page"}],"author":[{"embeddable":true,"href":"https:\/\/itp.edu.co\/ITP2022\/index.php?rest_route=\/wp\/v2\/users\/1"}],"replies":[{"embeddable":true,"href":"https:\/\/itp.edu.co\/ITP2022\/index.php?rest_route=%2Fwp%2Fv2%2Fcomments&post=14021"}],"version-history":[{"count":84,"href":"https:\/\/itp.edu.co\/ITP2022\/index.php?rest_route=\/wp\/v2\/pages\/14021\/revisions"}],"predecessor-version":[{"id":16176,"href":"https:\/\/itp.edu.co\/ITP2022\/index.php?rest_route=\/wp\/v2\/pages\/14021\/revisions\/16176"}],"wp:attachment":[{"href":"https:\/\/itp.edu.co\/ITP2022\/index.php?rest_route=%2Fwp%2Fv2%2Fmedia&parent=14021"}],"curies":[{"name":"wp","href":"https:\/\/api.w.org\/{rel}","templated":true}]}}